{"id":8091,"date":"2025-03-17T15:59:33","date_gmt":"2025-03-17T14:59:33","guid":{"rendered":"http:\/\/archive.astrocent.edu.pl?page_id=8091"},"modified":"2026-01-28T12:36:51","modified_gmt":"2026-01-28T11:36:51","slug":"media-coverage","status":"publish","type":"page","link":"https:\/\/archive.astrocent.edu.pl\/?page_id=8091","title":{"rendered":"MEDIA COVERAGE"},"content":{"rendered":"<div>\n<h3><img loading=\"lazy\" decoding=\"async\" class=\"alignnone size-medium wp-image-8774\" src=\"https:\/\/astrocent.camk.edu.pl\/wp-content\/uploads\/Jedynka.Polskie-RAdio-300x300.jpg\" alt=\"Jedynka.Polskie Radio - Eureka programme\" width=\"300\" height=\"300\" srcset=\"https:\/\/archive.astrocent.edu.pl\/wp-content\/uploads\/Jedynka.Polskie-RAdio-300x300.jpg 300w, https:\/\/archive.astrocent.edu.pl\/wp-content\/uploads\/Jedynka.Polskie-RAdio-1024x1024.jpg 1024w, https:\/\/archive.astrocent.edu.pl\/wp-content\/uploads\/Jedynka.Polskie-RAdio-150x150.jpg 150w, https:\/\/archive.astrocent.edu.pl\/wp-content\/uploads\/Jedynka.Polskie-RAdio-768x768.jpg 768w, https:\/\/archive.astrocent.edu.pl\/wp-content\/uploads\/Jedynka.Polskie-RAdio.avif 1200w\" sizes=\"auto, (max-width: 300px) 100vw, 300px\" \/><\/h3>\n<h3 class=\"mb-2 text-black-500 md:text-white dark:text-white dark:md:text-white\"><a href=\"https:\/\/www.polskieradio.pl\/jedynka\/podcasty\/eureka,690\/odcinek\/ludzie-nauki-poznanie-tajemnic-wszechswiata-biologia-molekularna-w-medycynie-zaprasza-krzysztof-michalski,93e06f62-9cde-476d-95cc-31a5a3bb48f6\">Eureka &#8211; Ludzie Nauki. Poznanie tajemnic Wszech\u015bwiata. Biologia molekularna w medycynie. Zaprasza Krzysztof Michalski <\/a><\/h3>\n<h3 class=\"Typography-sc-c7p2ep-0 jjXUBQ\"><a href=\"https:\/\/jedynka.polskieradio.pl\/artykul\/3638089,Biologia-molekularna---prze%C5%82om-w-medycynie-XXI-wieku-\">Biologia molekularna &#8211; prze\u0142om w medycynie XXI wieku [article]<\/a><\/h3>\n<p>Our group leader, <strong>Prof. Marcin Ku\u017aniak<\/strong>, was a guest on <strong>Jedynka \u2013 Polskie Radio<\/strong> in the programme <em>\u201cEureka. Ludzie Nauki\u201d<\/em> hosted by Krzysztof Michalski.\u00a0He spoke about <strong>unveiling the mysteries of dark matter<\/strong> and the work of Astrocent as one of the recent laureates of the International Research Agendas Programme (MAB FENG).<\/p>\n<p>26.01.2026<\/p>\n<p>&nbsp;<\/p>\n<\/div>\n<div class=\"wp-block-image\"><a href=\"https:\/\/forumakademickie.pl\/konkursy\/45-mln-euro-na-trzy-polskie-centra-doskonalosci\/\"><img loading=\"lazy\" decoding=\"async\" class=\"wpa-warning wpa-image-missing-alt alignnone wp-image-7903 size-medium\" src=\"https:\/\/astrocent.camk.edu.pl\/wp-content\/uploads\/logo-1024x285-1-300x83.png\" alt=\"logo of the Forum Akademickie\" width=\"300\" height=\"83\" data-warning=\"Missing alt text\" srcset=\"https:\/\/archive.astrocent.edu.pl\/wp-content\/uploads\/logo-1024x285-1-300x83.png 300w, https:\/\/archive.astrocent.edu.pl\/wp-content\/uploads\/logo-1024x285-1-768x214.png 768w, https:\/\/archive.astrocent.edu.pl\/wp-content\/uploads\/logo-1024x285-1.png 1024w\" sizes=\"auto, (max-width: 300px) 100vw, 300px\" \/><\/a><\/div>\n<h3><a href=\"https:\/\/forumakademickie.pl\/konkursy\/45-mln-euro-na-trzy-polskie-centra-doskonalosci\/\">\u20ac45 million for three Polish Centers of Excellence<\/a><\/h3>\n<p>Three Polish projects, coordinated by the Institute of Physical Chemistry of the Polish Academy of Sciences (PAN), the Nicolaus Copernicus Astronomical Center of the Polish Academy of Sciences (PAN), and the \u0141ukasiewicz Research Network \u2013 PORT Polish Center for Technology Development, will receive a total of \u20ac45 million in funding under the Teaming for Excellence program. We are the only country to have secured support for more than one initiative.<\/p>\n<p>27.06.2024<\/p>\n<p>&nbsp;<\/p>\n<div class=\"wp-block-image\"><a href=\"https:\/\/www.gov.pl\/web\/ncbr\/trzy-nowe-projekty-typu-teaming-for-excellence-dla-polskich-jednostek\"><img loading=\"lazy\" decoding=\"async\" id=\"longdesc-return-7323\" class=\"wpa-warning wpa-image-missing-alt alignnone wp-image-7323 size-medium\" tabindex=\"-1\" src=\"https:\/\/astrocent.camk.edu.pl\/wp-content\/uploads\/baner_06_2024_www_kpk-300x201.png\" alt=\"\" width=\"300\" height=\"201\" longdesc=\"https:\/\/astrocent.camk.edu.pl?longdesc=7323&amp;referrer=8091\" data-warning=\"Missing alt text\" srcset=\"https:\/\/archive.astrocent.edu.pl\/wp-content\/uploads\/baner_06_2024_www_kpk-300x201.png 300w, https:\/\/archive.astrocent.edu.pl\/wp-content\/uploads\/baner_06_2024_www_kpk-768x515.png 768w, https:\/\/archive.astrocent.edu.pl\/wp-content\/uploads\/baner_06_2024_www_kpk.png 850w\" sizes=\"auto, (max-width: 300px) 100vw, 300px\" \/><\/a><\/div>\n<h3><a href=\"https:\/\/www.gov.pl\/web\/ncbr\/trzy-nowe-projekty-typu-teaming-for-excellence-dla-polskich-jednostek\">Trzy nowe projekty typu Teaming for Excellence dla polskich jednostek<\/a><\/h3>\n<p>AstroCeNT Plus won Teaming for Excellence grant<\/p>\n<p>20.06.2024<\/p>\n<p>&nbsp;<\/p>\n<div class=\"wp-block-image\">\n<div class=\"wp-block-image\"><a href=\"https:\/\/cordis.europa.eu\/project\/id\/952480\/reporting\"><img loading=\"lazy\" decoding=\"async\" id=\"longdesc-return-7105\" class=\"wpa-warning wpa-image-missing-alt alignnone wp-image-7105 size-medium\" tabindex=\"-1\" src=\"https:\/\/astrocent.camk.edu.pl\/wp-content\/uploads\/449190-300x225.jpg\" alt=\"\" width=\"300\" height=\"225\" longdesc=\"https:\/\/astrocent.camk.edu.pl?longdesc=7105&amp;referrer=8091\" data-warning=\"Missing alt text\" srcset=\"https:\/\/archive.astrocent.edu.pl\/wp-content\/uploads\/449190-300x225.jpg 300w, https:\/\/archive.astrocent.edu.pl\/wp-content\/uploads\/449190.jpg 688w\" sizes=\"auto, (max-width: 300px) 100vw, 300px\" \/><\/a><\/div>\n<\/div>\n<h3><a href=\"https:\/\/cordis.europa.eu\/project\/id\/952480\/reporting\">New technologies for detecting dark matter<\/a><\/h3>\n<p>Article about DarkWave project on the CORDIS website<\/p>\n<p>12.02.2024<\/p>\n<p>&nbsp;<\/p>\n<div class=\"wp-block-image\"><a href=\"https:\/\/www.innovationnewsnetwork.com\/hunt-for-dark-matter-particles-invisibles\/32645\/\"><img loading=\"lazy\" decoding=\"async\" class=\"wpa-warning wpa-image-missing-alt alignnone wp-image-8097 size-medium\" src=\"https:\/\/astrocent.camk.edu.pl\/wp-content\/uploads\/inn-logo-600x130-retina-01-1-300x65.png\" alt=\"\" width=\"300\" height=\"65\" data-warning=\"Missing alt text\" srcset=\"https:\/\/archive.astrocent.edu.pl\/wp-content\/uploads\/inn-logo-600x130-retina-01-1-300x65.png 300w, https:\/\/archive.astrocent.edu.pl\/wp-content\/uploads\/inn-logo-600x130-retina-01-1.png 600w\" sizes=\"auto, (max-width: 300px) 100vw, 300px\" \/><\/a><\/div>\n<h3><a href=\"https:\/\/www.innovationnewsnetwork.com\/hunt-for-dark-matter-particles-invisibles\/32645\/\">New technologies for detecting dark matter<\/a><\/h3>\n<p>Article about DarkWave project on <a href=\"https:\/\/www.innovationnewsnetwork.com\">Innovation News Network<\/a> portal<\/p>\n<p>07.06.2023<\/p>\n<p>&nbsp;<\/p>\n<div class=\"wp-block-image\"><a href=\"https:\/\/www.innovationnewsnetwork.com\/hunt-for-dark-matter-particles-invisibles\/32645\/\"><img loading=\"lazy\" decoding=\"async\" class=\"wpa-warning wpa-image-missing-alt alignnone wp-image-8098 size-medium\" src=\"https:\/\/astrocent.camk.edu.pl\/wp-content\/uploads\/Inn-magazine-1-1-300x95.png\" alt=\"\" width=\"300\" height=\"95\" data-warning=\"Missing alt text\" srcset=\"https:\/\/archive.astrocent.edu.pl\/wp-content\/uploads\/Inn-magazine-1-1-300x95.png 300w, https:\/\/archive.astrocent.edu.pl\/wp-content\/uploads\/Inn-magazine-1-1.png 745w\" sizes=\"auto, (max-width: 300px) 100vw, 300px\" \/><\/a><\/div>\n<h3><a href=\"https:\/\/www.innovationnewsnetwork.com\/hunt-for-dark-matter-particles-invisibles\/32645\/\">The hunt for invisibles<\/a><\/h3>\n<p>Publication about DarkWave project in the Innovation Platform magazine, issue 14, June 2023 (p.318-319)<\/p>\n<p>15.06.2023<\/p>\n<p>&nbsp;<\/p>\n<div class=\"wp-block-image\"><a href=\"https:\/\/vod.tvp.pl\/programy,88\/raport-naukowy-odcinki,318732\/odcinek-22,S01E22,391622\"><img loading=\"lazy\" decoding=\"async\" id=\"longdesc-return-6565\" class=\"wpa-warning wpa-image-missing-alt alignnone size-full wp-image-6565\" tabindex=\"-1\" src=\"https:\/\/astrocent.camk.edu.pl\/wp-content\/uploads\/Untitledh.jpg\" alt=\"\" width=\"298\" height=\"169\" longdesc=\"https:\/\/astrocent.camk.edu.pl?longdesc=6565&amp;referrer=8091\" data-warning=\"Missing alt text\" \/><\/a><\/div>\n<h3><a href=\"https:\/\/vod.tvp.pl\/programy,88\/raport-naukowy-odcinki,318732\/odcinek-22,S01E22,391622\">APPEC General Assembly in Warsaw, 2023<\/a><\/h3>\n<p><span class=\"HwtZe\" lang=\"en\"><span class=\"jCAhz ChMk0b\"><span class=\"ryNqvb\">Video report about APPEC general meeting in Warsaw<br \/>\n<\/span><\/span><\/span><\/p>\n<p>1 July 2023<\/p>\n<p>&nbsp;<\/p>\n<div class=\"wp-block-image\"><a href=\"https:\/\/vod.tvp.pl\/programy,88\/raport-naukowy-odcinki,318732\/odcinek-22,S01E22,391622\"><img loading=\"lazy\" decoding=\"async\" id=\"longdesc-return-6565\" class=\"wpa-warning wpa-image-missing-alt alignnone size-full wp-image-6565\" tabindex=\"-1\" src=\"https:\/\/astrocent.camk.edu.pl\/wp-content\/uploads\/Untitledh.jpg\" alt=\"\" width=\"298\" height=\"169\" longdesc=\"https:\/\/astrocent.camk.edu.pl?longdesc=6565&amp;referrer=8091\" data-warning=\"Missing alt text\" \/><\/a><\/div>\n<h3><a href=\"https:\/\/vod.tvp.pl\/programy,88\/raport-naukowy-odcinki,318732\/odcinek-22,S01E22,391622\">Nobel Prize Laureates visited AstroCeNT<\/a><\/h3>\n<p><span class=\"HwtZe\" lang=\"en\"><span class=\"jCAhz ChMk0b\"><span class=\"ryNqvb\">Video report on the public talks of Nobel Prize Laureates Art McDonald and Barry Barish at AstroCeNT<\/span><\/span><\/span><\/p>\n<p>4 March 2023<\/p>\n<p>&nbsp;<\/p>\n<p><a href=\"https:\/\/jedynka.polskieradio.pl\/artykul\/3124383,Neutrina-i-fale-grawitacyjne-O-wiedzy-z-kt%C3%B3rej-Miko%C5%82aj-Kopernik-by%C5%82by-dumny\"><img loading=\"lazy\" decoding=\"async\" class=\"alignnone size-medium wp-image-6106\" src=\"https:\/\/astrocent.camk.edu.pl\/wp-content\/uploads\/Screenshot-2023-04-05-174554-300x137.jpg\" alt=\"Polskie Radio Jedynka\" width=\"300\" height=\"137\" srcset=\"https:\/\/archive.astrocent.edu.pl\/wp-content\/uploads\/Screenshot-2023-04-05-174554-300x137.jpg 300w, https:\/\/archive.astrocent.edu.pl\/wp-content\/uploads\/Screenshot-2023-04-05-174554.jpg 496w\" sizes=\"auto, (max-width: 300px) 100vw, 300px\" \/><\/a><\/p>\n<h3><a href=\"https:\/\/jedynka.polskieradio.pl\/artykul\/3124383,Neutrina-i-fale-grawitacyjne-O-wiedzy-z-kt%C3%B3rej-Miko%C5%82aj-Kopernik-by%C5%82by-dumny\">AstroCeNT hosted Nobel Prize Laureates in Physics<\/a><\/h3>\n<p><span class=\"HwtZe\" lang=\"en\"><span class=\"jCAhz ChMk0b\"><span class=\"ryNqvb\">Broadcast on Polish Radio 1 about AstroCeNT and the visit of the Nobel Prize winners.<\/span><\/span><\/span><\/p>\n<p>24 February 2023<\/p>\n<p>&nbsp;<\/p>\n<div class=\"wp-block-image\"><a href=\"https:\/\/www.polityka.pl\/tygodnikpolityka\/nauka\/1932208,1,kosmiczne-noble.read\"><img loading=\"lazy\" decoding=\"async\" class=\"wpa-warning wpa-image-missing-alt alignnone size-medium wp-image-2292\" src=\"https:\/\/astrocent.camk.edu.pl\/wp-content\/uploads\/logo-polityka-1-300x82.jpg\" alt=\"\" width=\"300\" height=\"82\" data-warning=\"Missing alt text\" srcset=\"https:\/\/archive.astrocent.edu.pl\/wp-content\/uploads\/logo-polityka-1-300x82.jpg 300w, https:\/\/archive.astrocent.edu.pl\/wp-content\/uploads\/logo-polityka-1.jpg 620w\" sizes=\"auto, (max-width: 300px) 100vw, 300px\" \/><\/a><\/div>\n<h3><a href=\"https:\/\/www.polityka.pl\/tygodnikpolityka\/nauka\/1932208,1,kosmiczne-noble.read\">Nobel Prizes from Space<\/a><\/h3>\n<p>Article dedicated to the dominance of astrophysicists among the Nobel Prize laureates in physics. Featuring Director of AstroCeNT, Professor Leszek Roszkowski, and Professor Tomasz Bulik &#8211; &#8220;Nobel Prizes from Space&#8221; (PL: &#8220;Kosmiczne Noble&#8221;).<\/p>\n<p>19 November 2019<\/p>\n<p>&nbsp;<\/p>\n<div class=\"wp-block-image\"><a href=\"https:\/\/cyfrowa.rp.pl\/biznes-ludzie-startupy\/art16924041-noblista-popiera-astrocent\"><img loading=\"lazy\" decoding=\"async\" class=\"wpa-warning wpa-image-missing-alt alignnone size-medium wp-image-8100\" src=\"https:\/\/astrocent.camk.edu.pl\/wp-content\/uploads\/Zrzut-ekranu-2019-09-5-o-15.25.34-1-300x65.png\" alt=\"\" width=\"300\" height=\"65\" data-warning=\"Missing alt text\" srcset=\"https:\/\/archive.astrocent.edu.pl\/wp-content\/uploads\/Zrzut-ekranu-2019-09-5-o-15.25.34-1-300x65.png 300w, https:\/\/archive.astrocent.edu.pl\/wp-content\/uploads\/Zrzut-ekranu-2019-09-5-o-15.25.34-1.png 462w\" sizes=\"auto, (max-width: 300px) 100vw, 300px\" \/><\/a><\/div>\n<h3><a href=\"https:\/\/cyfrowa.rp.pl\/biznes-ludzie-startupy\/art16924041-noblista-popiera-astrocent\">Nobel Laureate Supports AstroCeNT<\/a><\/h3>\n<p>Article about the activities and events at AstroCeNT, featuring Director of AstroCeNT, Professor Leszek Roszkowski &#8211; &#8220;Nobel Laureate Supports AstroCeNT&#8221; (PL: &#8220;Noblista popiera Astrocent&#8221;).<\/p>\n<p>2 September 2019<\/p>\n<p>&nbsp;<\/p>\n<div class=\"wp-block-image\"><img loading=\"lazy\" decoding=\"async\" class=\"wpa-warning wpa-image-missing-alt alignnone size-medium wp-image-2292\" src=\"https:\/\/astrocent.camk.edu.pl\/wp-content\/uploads\/logo-polityka-1-300x82.jpg\" alt=\"\" width=\"300\" height=\"82\" data-warning=\"Missing alt text\" srcset=\"https:\/\/archive.astrocent.edu.pl\/wp-content\/uploads\/logo-polityka-1-300x82.jpg 300w, https:\/\/archive.astrocent.edu.pl\/wp-content\/uploads\/logo-polityka-1.jpg 620w\" sizes=\"auto, (max-width: 300px) 100vw, 300px\" \/><\/div>\n<h3 class=\"cg_article_internet_title\"><a href=\"https:\/\/www.polityka.pl\/niezbednik\/1786504,1,astronomia--wielkie-kosmiczne-laboratorium.read\">Astronomia \u2013 wielkie kosmiczne laboratorium<\/a><\/h3>\n<p>Interview with Professor Tomasz Bulik<\/p>\n<p class=\"cg_article_internet_title\">Read the interview with Professor Tomasz Bulik &#8211; &#8220;Astronomy &#8211; a great cosmic laboratory&#8221; (PL: &#8220;Astronomia \u2013 wielkie kosmiczne laboratorium&#8221;).<\/p>\n<p>2 April 2019<\/p>\n","protected":false},"excerpt":{"rendered":"<p>Eureka &#8211; Ludzie Nauki. Poznanie tajemnic Wszech\u015bwiata. Biologia molekularna w medycynie. Zaprasza Krzysztof Michalski Biologia molekularna &#8211; prze\u0142om w medycynie XXI wieku [article] Our group leader, Prof. Marcin Ku\u017aniak, was a guest on Jedynka \u2013 Polskie Radio in the programme \u201cEureka. Ludzie Nauki\u201d hosted by Krzysztof Michalski.\u00a0He spoke about unveiling the mysteries of dark matter&#8230;<\/p>\n","protected":false},"author":15,"featured_media":0,"parent":0,"menu_order":0,"comment_status":"closed","ping_status":"closed","template":"","meta":{"_acf_changed":false,"footnotes":""},"class_list":["post-8091","page","type-page","status-publish","hentry"],"acf":[],"_links":{"self":[{"href":"https:\/\/archive.astrocent.edu.pl\/index.php?rest_route=\/wp\/v2\/pages\/8091","targetHints":{"allow":["GET"]}}],"collection":[{"href":"https:\/\/archive.astrocent.edu.pl\/index.php?rest_route=\/wp\/v2\/pages"}],"about":[{"href":"https:\/\/archive.astrocent.edu.pl\/index.php?rest_route=\/wp\/v2\/types\/page"}],"author":[{"embeddable":true,"href":"https:\/\/archive.astrocent.edu.pl\/index.php?rest_route=\/wp\/v2\/users\/15"}],"replies":[{"embeddable":true,"href":"https:\/\/archive.astrocent.edu.pl\/index.php?rest_route=%2Fwp%2Fv2%2Fcomments&post=8091"}],"version-history":[{"count":8,"href":"https:\/\/archive.astrocent.edu.pl\/index.php?rest_route=\/wp\/v2\/pages\/8091\/revisions"}],"predecessor-version":[{"id":8775,"href":"https:\/\/archive.astrocent.edu.pl\/index.php?rest_route=\/wp\/v2\/pages\/8091\/revisions\/8775"}],"wp:attachment":[{"href":"https:\/\/archive.astrocent.edu.pl\/index.php?rest_route=%2Fwp%2Fv2%2Fmedia&parent=8091"}],"curies":[{"name":"wp","href":"https:\/\/api.w.org\/{rel}","templated":true}]}}